{"id":5999,"date":"2023-03-16T18:28:21","date_gmt":"2023-03-16T16:28:21","guid":{"rendered":"https:\/\/smart.radiotraining.eu\/au-sujet-de-s-m-a-r-t"},"modified":"2023-03-16T18:31:52","modified_gmt":"2023-03-16T16:31:52","slug":"au-sujet-de-s-m-a-r-t","status":"publish","type":"page","link":"https:\/\/smart.radiotraining.eu\/fr\/au-sujet-de-s-m-a-r-t\/","title":{"rendered":"Au sujet de S.M.A.R.T"},"content":{"rendered":"<p lang=\"fr-FR\">Se former dans les medias communautaires est normalement dirig\u00e9 aux communaut\u00e9s et aux personnes qui ne sont g\u00e9n\u00e9ralement pas repr\u00e9sent\u00e9s par les principaux m\u00e9dias commerciaux. Dans beaucoup de pays, la personne que est active dans les m\u00e9dias communautaires est celle qui appartient a un groupe social minoritaire, du \u00e0 sa culture, son origine, parce qu\u2019elle est \u00e9trang\u00e8re, elle \u00e0 des besoins diff\u00e9rents ou appartient a un rang d\u2019\u00e2ge sp\u00e9cifique, entre autres. Ces groupes ont besoin d\u2019une formation sp\u00e9cifique afin d\u2019int\u00e9rioriser les comp\u00e9tences n\u00e9cessaires que demande la radio. En plus, les comp\u00e9tences acquises en dehors du travail de la radio communautaire ne sont pas vues comme formations ou apprentissages du travail, et nous croyons indispensable les ancrer dans notre jour \u00e0 jour.<\/p>\n<p><span lang=\"fr-FR\">Nous, les participants de ce projet, provenons de la Suisse, l\u2019Irlande, l\u2019Hongrie, l\u2019Autriche, le Pays Basque et l\u2019Allemagne et nous avons eu la chance de participer auparavant dans des diff\u00e9rents projets qui avaient comme objectif am\u00e9liorer certains domaines en tant que formateurs et formatrices de radios de communaut\u00e9. Dans notre projet, nous avons revu le mat\u00e9riel que chaque participant avait et utilisait pour la formation des radios communautaires, et nous nous sommes aper\u00e7us qu\u2019une grande partie de la m\u00e9thodologie, des exercices ou des bases ne convenait pas ou n\u2019\u00e9tait pas ad\u00e9quat pour le collectif de personnes avec lequel on voulait travailler. Pourtant, nous avons d\u00e9cid\u00e9 d\u2019adapter tout le mat\u00e9riel aux besoins sp\u00e9cifiques, tout en pensant non seulement aux personnes qui recevront la formation, mais aussi en celles responsables de l\u2019offrir.<\/span><\/p>\n<p lang=\"fr-FR\">Participants\u00a0:<\/p>\n<p><strong><span lang=\"fr-FR\">COMMIT\u00a0<\/span><\/strong><span lang=\"fr-FR\">est un organisme qui a \u00e9t\u00e9 cr\u00e9e en 2010 en Autriche, afin d\u2019assurer une formation en radios communautaires. COMMIT organise des stages et des s\u00e9minaires pour les travailleurs et les volontaires int\u00e9ress\u00e9s dans les radios communautaires.<\/span>\u00a0<span lang=\"fr-FR\">En plus, ils offrent des formations journalistiques, aspects techniques et d\u2019organisation, et d\u00e9veloppent des CV pour les formations des radios communautaires. Le but de COMMIT est de renforcer le travail entre les radios communautaires de l\u2019Autriche et l\u2019\u00e9ducation pour adultes.<\/span><\/p>\n<p><strong><span lang=\"fr-FR\">Radio School Klipp+Klang\u00a0<\/span><\/strong><span lang=\"fr-FR\">est une association de formation qui rassemble toutes les radios \u00e0 but non lucratif de la Suisse ainsi que quelques radios priv\u00e9es commerciales. Grace \u00e0 l\u2019aide \u00e9conomique du gouvernement suisse (Federal Office of Communications), cette \u00e9cole cr\u00e9e et offre des formations de journalisme radio pour volontaires et professionnels. En plus, Klipp+Klang r\u00e9alise des recherches et des projets afin d\u2019int\u00e9grer et de donner un pouvoir d\u2019agir aux groupes marginaux. L\u2019\u00e9cole Klipp+Klang poss\u00e8de le certificat EDUQUA (justificatif de qualit\u00e9 pour les institutions qui n\u2019appartiennent pas aux \u00e9coles suisses) et cotravaille avec plusieurs groupes, compagnies et f\u00e9d\u00e9rations\u00a0: la F\u00e9d\u00e9ration d\u2019Education pour Adultes de la Suisse (SVEB), le \u00ab\u00a0Bildungsklubs\u00a0\u00bb (Club de Formation), des groupes qui travaillent avec des personnes qui ont des difficult\u00e9s cognitives, l\u2019Association de Nations de Journalisme Radio (SSM, Syndicom), l\u2019Association des Compagnies (INKOM, VSP) et le Bureau F\u00e9d\u00e9rale de Communication.<\/span><\/p>\n<p><strong><span lang=\"fr-FR\">Civil Radio\u00a0<\/span><\/strong><span lang=\"fr-FR\">\u00e0 \u00e9t\u00e9 cr\u00e9e en 1993 \u00e0 Budapest pour prot\u00e9ger et divulguer les \u00e9missions de radio non gouvernementales. Ainsi, elle installa son bureau principal \u00e0 Budapest, pour travailler dans ses objectifs. De nos jours, et gr\u00e2ce au travail de 150 volontaires, Civil Radio diffuse tous les jours, et les principaux th\u00e8mes qui apparaissent dans leur programmation sont les suivants: culture, soci\u00e9t\u00e9, protection de l\u2019environnement, communaut\u00e9, probl\u00e8mes et vies de la capitale et ses alentours. Civil Radio \u00e0 propag\u00e9 des nouvelles techniques pour m\u00e9dias ainsi que des nouvelles applications, la web 2.0, \u2026 lesquelles ont \u00e9t\u00e9 pr\u00e9sent\u00e9es et offertes dans les cours donn\u00e9es tout au long des ann\u00e9es. Tous ces stages et ces CV ont comme but d\u00e9velopper les comp\u00e9tences des participants sur le journalisme communautaire, les connaissances de base du monde de la radio, ou la fa\u00e7on de faire connaitre ses \u00e9v\u00e9nements pour la communaut\u00e9 a travers du site web, entre autres. Cela permettra de mieux r\u00e9pondre aux besoins et int\u00e9r\u00eats de la communaut\u00e9.<\/span><\/p>\n<p><strong><span lang=\"fr-FR\">Antxeta Irratia<\/span><\/strong><span lang=\"fr-FR\">\u00a0est situ\u00e9e \u00e0 Hendaye (Pays Basque), et travaille depuis longtemps dans des diff\u00e9rents projets qui ont relation avec la coop\u00e9ration et le genre. Cette radio participe aussi dans les projets organis\u00e9s pour l\u2019\u00e9ducation des adultes du groupe Grundvig et est membre du Learning Partnership, organisation qui m\u00e8ne des projets au sujet des langues minoritaires. En plus, depuis l\u2019ann\u00e9e 2007, Antxeta Irratia cotravaille avec des associations de femmes et immigrants, r\u00e9alisant des projets de multi culturalit\u00e9 et d\u2019\u00e9ducation au d\u00e9veloppement. En travaillant avec la corporation chilienne La Morada et PausuMedia GKE, Antxeta irratia a particip\u00e9 \u00e0 un projet de d\u00e9veloppement qui approfondissait et travaillait le th\u00e8me du genre.<\/span><\/p>\n<p><strong><span lang=\"fr-FR\">Near Media Co-op\u00a0<\/span><\/strong><span lang=\"fr-FR\">est une coop\u00e9rative d\u00e9mocratique \u00e0 but non lucratif. Elle utilise des moyens de communication dirig\u00e9s au d\u00e9veloppement de la communaut\u00e9. Cette coop\u00e9rative \u00e0 \u00e9t\u00e9 cr\u00e9e en 1982, et ressemble 600 actionnaires et plus de 120 volontaires. Depuis 1995, Nearfm poss\u00e8de la licence de radiodiffusion et \u00e0 particip\u00e9 aux diff\u00e9rents projets europ\u00e9ens. L\u2019identit\u00e9 culturelle, l\u2019environnement, des formations sur la multi culturalit\u00e9 et les droits des citoyens sont des exemples de la programmation que cette radio offre, en plus de cr\u00e9er des pistes audio de tr\u00e8s bonne qualit\u00e9. En 2006, Nearfm \u00e0 particip\u00e9 au projet Inter.media Socrates, et a cr\u00e9e un guide de formation pour les m\u00e9dias, comprenant le point de vue multi culturel.<\/span><\/p>\n<p><strong><span lang=\"fr-FR\">Radio CORAX\u00a0<\/span><\/strong><span lang=\"fr-FR\">est une radio locale \u00e0 but non lucratif situ\u00e9e \u00e0 Hall et cr\u00e9e en 1993. Avec 300 volontaires et une centaine de diffusions habituelles, c\u2019est la radio \u00e0 but non lucratif la plus grande de l\u2019Allemagne de l\u2019Est. CORAX travaille surtout avec des migrateurs, des langues minoritaires, des personnes qui ont des difficult\u00e9s d\u2019alphabetisation et avec celles qui ont des incapacit\u00e9s mentales. Il faut dire que la formation des volontaires et leur capacitation pour la production des programmes radio est la priorit\u00e9 de CORAX, et \u00e0 particip\u00e9 dans des projets de formation a niveau national et international afin d\u2019accomplir cet objectif.<\/span><\/p>\n<p>Le\u00a0<strong>Community Media Forum Europe (CMFE)<\/strong>\u00a0repr\u00e9sente depuis 2004 des r\u00e9seaux, des associations nationales, des projets et des individus actifs dans le secteur des tiers m\u00e9dias, souvent appel\u00e9s m\u00e9dias communautaires, au niveau europ\u00e9en. Chaque cha\u00eene est fa\u00e7onn\u00e9e par son environnement et par la culture, l\u2019histoire et la r\u00e9alit\u00e9 particuli\u00e8res de la communaut\u00e9 qu\u2019elle dessert. Les m\u00e9dias communautaires sont g\u00e9n\u00e9ralement d\u00e9tenus par les communaut\u00e9s dont sont issus les radiodiffuseurs b\u00e9n\u00e9voles, qui produisent des programmes importants pour ces communaut\u00e9s, sans but lucratif. La CMFE d\u00e9fend les droits des citoyens aux m\u00e9dias communautaires et sert de plateforme de dialogue et de reconnaissance des m\u00e9dias communautaires au niveau europ\u00e9en, en tant que secteur m\u00e9diatique clairement d\u00e9limit\u00e9. Dans un contexte o\u00f9 la libert\u00e9 d\u2019expression et l\u2019acc\u00e8s \u00e0 l\u2019information sont de plus en plus menac\u00e9s par la concentration du secteur des m\u00e9dias et la diffusion de la d\u00e9sinformation, les m\u00e9dias communautaires sont des indicateurs du pluralisme des m\u00e9dias.<\/p>\n<p><strong>L\u2019AMARC Europe<\/strong>\u00a0est la section europ\u00e9enne de l\u2019Association mondiale des radios communautaires. La F\u00e9d\u00e9ration europ\u00e9enne repr\u00e9sente plus de 300 radios communautaires, leurs associations nationales ou r\u00e9gionales et des particuliers. \u00a0Depuis 1994, l\u2019AMARC Europe repr\u00e9sente les int\u00e9r\u00eats de ses membres au niveau europ\u00e9en et international, \u00e9tablit la communication et donc l\u2019\u00e9change d\u2019exp\u00e9riences entre ses membres et initie leur coop\u00e9ration internationale. L\u2019AMARC Europe assure \u00e9galement la liaison avec l\u2019Association mondiale des radios communautaires et avec diverses organisations des Nations Unies.<\/p>\n","protected":false},"excerpt":{"rendered":"<p>Se former dans les medias communautaires est normalement dirig\u00e9 aux communaut\u00e9s et aux personnes qui ne sont g\u00e9n\u00e9ralement pas repr\u00e9sent\u00e9s par les principaux m\u00e9dias commerciaux. Dans beaucoup de pays, la personne que est active dans les m\u00e9dias communautaires est celle qui appartient a un groupe social minoritaire, du \u00e0 sa culture, son origine, parce qu\u2019elle &hellip; <a href=\"https:\/\/smart.radiotraining.eu\/fr\/au-sujet-de-s-m-a-r-t\/\">Continued<\/a><\/p>\n","protected":false},"author":13,"featured_media":0,"parent":0,"menu_order":0,"comment_status":"closed","ping_status":"closed","template":"","meta":[],"acf":[],"_links":{"self":[{"href":"https:\/\/smart.radiotraining.eu\/fr\/wp-json\/wp\/v2\/pages\/5999"}],"collection":[{"href":"https:\/\/smart.radiotraining.eu\/fr\/wp-json\/wp\/v2\/pages"}],"about":[{"href":"https:\/\/smart.radiotraining.eu\/fr\/wp-json\/wp\/v2\/types\/page"}],"author":[{"embeddable":true,"href":"https:\/\/smart.radiotraining.eu\/fr\/wp-json\/wp\/v2\/users\/13"}],"replies":[{"embeddable":true,"href":"https:\/\/smart.radiotraining.eu\/fr\/wp-json\/wp\/v2\/comments?post=5999"}],"version-history":[{"count":2,"href":"https:\/\/smart.radiotraining.eu\/fr\/wp-json\/wp\/v2\/pages\/5999\/revisions"}],"predecessor-version":[{"id":6002,"href":"https:\/\/smart.radiotraining.eu\/fr\/wp-json\/wp\/v2\/pages\/5999\/revisions\/6002"}],"wp:attachment":[{"href":"https:\/\/smart.radiotraining.eu\/fr\/wp-json\/wp\/v2\/media?parent=5999"}],"curies":[{"name":"wp","href":"https:\/\/api.w.org\/{rel}","templated":true}]}}